{"id":579,"date":"2025-01-31T11:52:35","date_gmt":"2025-01-31T11:52:35","guid":{"rendered":"https:\/\/trattoriasenza.de\/?page_id=579"},"modified":"2026-04-11T16:22:43","modified_gmt":"2026-04-11T16:22:43","slug":"menu","status":"publish","type":"page","link":"https:\/\/trattoriasenza.de\/it\/menu\/","title":{"rendered":"menu"},"content":{"rendered":"<div data-elementor-type=\"wp-page\" data-elementor-id=\"579\" class=\"elementor elementor-579\">\n\t\t\t\t\t\t<section class=\"elementor-section elementor-top-section elementor-element elementor-element-6236e39 elementor-section-boxed elementor-section-height-default elementor-section-height-default\" data-id=\"6236e39\" data-element_type=\"section\" data-e-type=\"section\" data-settings=\"{&quot;background_background&quot;:&quot;classic&quot;}\">\n\t\t\t\t\t\t<div class=\"elementor-container elementor-column-gap-no\">\n\t\t\t\t\t<div class=\"elementor-column elementor-col-100 elementor-top-column elementor-element elementor-element-1f2a3a38\" data-id=\"1f2a3a38\" data-element_type=\"column\" data-e-type=\"column\">\n\t\t\t<div class=\"elementor-widget-wrap elementor-element-populated\">\n\t\t\t\t\t\t<div class=\"elementor-element elementor-element-f2a87e0 elementor-widget__width-initial elementor-widget-mobile__width-inherit elementor-widget elementor-widget-heading\" data-id=\"f2a87e0\" data-element_type=\"widget\" data-e-type=\"widget\" data-widget_type=\"heading.default\">\n\t\t\t\t<div class=\"elementor-widget-container\">\n\t\t\t\t\t<h1 class=\"elementor-heading-title elementor-size-default\">Il nostro menu.<br>\nGustoso senza glutine e senza lattosio alla Trattoria Senza Berlino<\/h1>\t\t\t\t<\/div>\n\t\t\t\t<\/div>\n\t\t\t\t<div class=\"elementor-element elementor-element-55fbb03 elementor-widget elementor-widget-menu-anchor\" data-id=\"55fbb03\" data-element_type=\"widget\" data-e-type=\"widget\" data-widget_type=\"menu-anchor.default\">\n\t\t\t\t<div class=\"elementor-widget-container\">\n\t\t\t\t\t\t\t<div class=\"elementor-menu-anchor\" id=\"menu\"><\/div>\n\t\t\t\t\t\t<\/div>\n\t\t\t\t<\/div>\n\t\t\t\t<div class=\"elementor-element elementor-element-b780983 elementor-widget elementor-widget-text-editor\" data-id=\"b780983\" data-element_type=\"widget\" data-e-type=\"widget\" data-widget_type=\"text-editor.default\">\n\t\t\t\t<div class=\"elementor-widget-container\">\n\t\t\t\t\t\t\t\t\t<h2 data-section-id=\"13u6tq\" data-start=\"0\" data-end=\"16\"><span role=\"text\"><strong data-start=\"3\" data-end=\"16\">Aperitivo<\/strong><\/span><\/h2><h3 data-section-id=\"15ae2q8\" data-start=\"18\" data-end=\"41\">Limoncello Spritz<\/h3><p data-start=\"42\" data-end=\"120\"><strong data-start=\"42\" data-end=\"108\">Spritz rinfrescante di Amalfi con liquore al limone e Prosecco<\/strong> ... <strong data-start=\"113\" data-end=\"120\">7.9<\/strong><\/p><h3 data-section-id=\"102nc72\" data-start=\"122\" data-end=\"173\">Ciabatta con olio extravergine d'oliva e sale marino<\/h3><p data-start=\"174\" data-end=\"256\"><strong data-start=\"174\" data-end=\"244\">Ciabatta tostata servita con olio extra vergine d'oliva pugliese e sale marino<\/strong> ... <strong data-start=\"249\" data-end=\"256\">3.9<\/strong><\/p><h3 data-section-id=\"1soxky7\" data-start=\"258\" data-end=\"289\">Olive marinate della Sicilia<\/h3><p data-start=\"290\" data-end=\"354\"><strong data-start=\"290\" data-end=\"342\">Olive verdi siciliane marinate mediterranee<\/strong> ... <strong data-start=\"347\" data-end=\"354\">4.9<\/strong><\/p><h2 data-section-id=\"1xzri2v\" data-start=\"357\" data-end=\"384\"><span role=\"text\"><strong data-start=\"360\" data-end=\"384\">Antipasti e insalate<\/strong><\/span><\/h2><h3 data-section-id=\"j93ccu\" data-start=\"386\" data-end=\"404\">Tartare di bistecca<\/h3><p data-start=\"405\" data-end=\"507\"><strong data-start=\"405\" data-end=\"494\">Manzo con marinata classica, cetrioli, scalogni con formaggio cremoso e senape<\/strong> ... <strong data-start=\"499\" data-end=\"507\">17.9<\/strong><\/p><h3 data-section-id=\"mfe2il\" data-start=\"509\" data-end=\"539\">Bruschetta ai Pomodorini<\/h3><p data-start=\"540\" data-end=\"616\"><strong data-start=\"540\" data-end=\"603\">Ciabatta classico con pomodorini confit e olio all'aglio<\/strong> ... <strong data-start=\"608\" data-end=\"616\">12.9<\/strong><\/p><h3 data-section-id=\"tespau\" data-start=\"618\" data-end=\"648\">Carpaccio di cavolo rapa<\/h3><p data-start=\"649\" data-end=\"748\"><strong data-start=\"649\" data-end=\"735\">Carpaccio di cavolo rapa con salsa di pera e aneto, rucola e briciole di nocciole<\/strong> ... <strong data-start=\"740\" data-end=\"748\">14.9<\/strong><\/p><h3 data-section-id=\"48la5z\" data-start=\"750\" data-end=\"777\">Caponata di Melanzane<\/h3><p data-start=\"778\" data-end=\"880\"><strong data-start=\"778\" data-end=\"867\">Verdure in agrodolce con melanzane, pomodori, cipolle, olive e capperi, accompagnato da ciabatta<\/strong> ... <strong data-start=\"872\" data-end=\"880\">14.9<\/strong><\/p><h3 data-section-id=\"hzyyy2\" data-start=\"882\" data-end=\"906\">Tris di Bruschette<\/h3><p data-start=\"907\" data-end=\"1023\"><strong data-start=\"907\" data-end=\"1010\">Una selezione di tre bruschette da gustare: Pomodorini, Vitello Tonnato e Caponata di Melanzane<\/strong> ... <strong data-start=\"1015\" data-end=\"1023\">13.9<\/strong><\/p><h3 data-section-id=\"ddzsna\" data-start=\"1025\" data-end=\"1046\">Vitello tonnato<\/h3><p data-start=\"1047\" data-end=\"1171\"><strong data-start=\"1047\" data-end=\"1158\">Fettine sottili di vitello con crema di tonno e acciughe, fondo di vitello, rucola e capperi<\/strong> ... <strong data-start=\"1163\" data-end=\"1171\">18.9<\/strong><\/p><h3 data-section-id=\"q0gbc\" data-start=\"1173\" data-end=\"1195\">Insalata Caprese<\/h3><p data-start=\"1196\" data-end=\"1338\"><strong data-start=\"1196\" data-end=\"1325\">Mozzarella intera, pomodorini gialli e rossi, basilico fresco e un'emulsione di basilico e olio extra vergine d'oliva<\/strong> ... <strong data-start=\"1330\" data-end=\"1338\">15.9<\/strong><\/p><h3 data-section-id=\"ys0zop\" data-start=\"1340\" data-end=\"1360\">Insalata Mista<\/h3><p data-start=\"1361\" data-end=\"1456\"><strong data-start=\"1361\" data-end=\"1444\">Un'insalata fresca e di stagione mista, condita con olio d'oliva e aceto balsamico<\/strong> ... <strong data-start=\"1449\" data-end=\"1456\">8.9<\/strong><\/p><h2 data-section-id=\"1cfiqb6\" data-start=\"1459\" data-end=\"1471\"><span role=\"text\"><strong data-start=\"1462\" data-end=\"1471\">Pasta<\/strong><\/span><\/h2><h3 data-section-id=\"1w4kygv\" data-start=\"1473\" data-end=\"1503\">Paccheri alla Puttanesca<\/h3><p data-start=\"1504\" data-end=\"1596\"><strong data-start=\"1504\" data-end=\"1583\">Grandi maccheroni con un sugo a base di pomodoro, acciughe, capperi e olive<\/strong> ... <strong data-start=\"1588\" data-end=\"1596\">19.9<\/strong><\/p><h3 data-section-id=\"l5ha68\" data-start=\"1598\" data-end=\"1629\">Paccheri al rag\u00f9 di polpo<\/h3><p data-start=\"1630\" data-end=\"1744\"><strong data-start=\"1630\" data-end=\"1731\">Grandi paccheri con rag\u00f9 di polpo e peperoni stufati lentamente, prezzemolo e peperoncino<\/strong> ... <strong data-start=\"1736\" data-end=\"1744\">23.9<\/strong><\/p><h3 data-section-id=\"p4r092\" data-start=\"1746\" data-end=\"1771\">Spaghetti alla carbonara<\/h3><p data-start=\"1772\" data-end=\"1889\"><strong data-start=\"1772\" data-end=\"1876\">Carbonara tradizionale con guanciale autentico e una crema montata di uova e Pecorino Romano<\/strong> ... <strong data-start=\"1881\" data-end=\"1889\">21.9<\/strong><\/p><h3 data-section-id=\"14t33iv\" data-start=\"1891\" data-end=\"1931\">Tagliatelle al Pomodoro e Basilico<\/h3><p data-start=\"1932\" data-end=\"2020\"><strong data-start=\"1932\" data-end=\"2007\">Raffinato con pomodori, basilico fresco, cipolle e olio d'oliva pregiato<\/strong> ... <strong data-start=\"2012\" data-end=\"2020\">17.9<\/strong><\/p><h3 data-section-id=\"pzg31s\" data-start=\"14\" data-end=\"54\">Tagliatelle al Rag\u00f9 alla Bolognese<\/h3><p data-start=\"55\" data-end=\"141\"><strong data-start=\"55\" data-end=\"128\">Manzo macinato stufato lentamente con salsa di pomodoro e parmigiano<\/strong> ... <strong data-start=\"133\" data-end=\"141\">21.9<\/strong><\/p><h3 data-section-id=\"1xylzsg\" data-start=\"143\" data-end=\"176\">Penne al Rag\u00f9 alla Genovese<\/h3><p data-start=\"177\" data-end=\"310\"><strong data-start=\"177\" data-end=\"297\">Rag\u00f9 di manzo con cipolle brasato per otto ore, secondo un'antica ricetta napoletana \u2013 servito con Parmigiano<\/strong> ... <strong data-start=\"302\" data-end=\"310\">21.9<\/strong><\/p><h3 data-section-id=\"4mnyje\" data-start=\"312\" data-end=\"344\">Gnocchi al Pesto di rucola<\/h3><p data-start=\"345\" data-end=\"490\" data-is-last-node=\"\" data-is-only-node=\"\"><strong data-start=\"345\" data-end=\"477\">Pasta di patate in pesto di rucola; con pomodorini confit, scaglie di mandorle e scorza di limone. Il nostro consiglio: ordinarla con parmigiano<\/strong> ... <strong data-start=\"482\" data-end=\"490\" data-is-last-node=\"\">18.9<\/strong><\/p><h2 data-section-id=\"1uq3qzt\" data-start=\"0\" data-end=\"28\"><span role=\"text\"><strong data-start=\"3\" data-end=\"28\">Specialit\u00e0 della casa<\/strong><\/span><\/h2><h3 data-section-id=\"rfgf5g\" data-start=\"30\" data-end=\"52\">Lasagna Classica<\/h3><p data-start=\"53\" data-end=\"207\"><strong data-start=\"53\" data-end=\"194\">Lasagne classiche italiane con rag\u00f9 alla bolognese e besciamella. Nota: i piatti al forno richiedono almeno 20 minuti di preparazione.<\/strong> ... <strong data-start=\"199\" data-end=\"207\">23.9<\/strong><\/p><h3 data-section-id=\"1k0gpu1\" data-start=\"209\" data-end=\"233\">Cannelloni Ripieni<\/h3><p data-start=\"234\" data-end=\"432\"><strong data-start=\"234\" data-end=\"419\">Pasta ripiena con asparagi verdi, piselli, menta e una ricotta fatta in casa. Servita con besciamella e scorza d'arancia. Si prega di notare: i piatti al forno richiedono almeno 20 minuti di tempo di preparazione.<\/strong> ... <strong data-start=\"424\" data-end=\"432\">22.9<\/strong><\/p><h3 data-section-id=\"qsz2ii\" data-start=\"434\" data-end=\"463\">Saltimbocca alla Romana<\/h3><p data-start=\"464\" data-end=\"586\"><strong data-start=\"464\" data-end=\"573\">Petto di pollo con prosciutto e salvia in un fondo di vino bianco, accompagnato da patate e verdure di stagione<\/strong> ... <strong data-start=\"578\" data-end=\"586\">25.9<\/strong><\/p><h3 data-section-id=\"1wbfbbo\" data-start=\"588\" data-end=\"613\">Salmone con verdure<\/h3><p data-start=\"614\" data-end=\"737\"><strong data-start=\"614\" data-end=\"724\">Salmone marinato, cotto in padella, servito con spinaci all'aglio e peperoncino, pur\u00e8 di patate e limone<\/strong> ... <strong data-start=\"729\" data-end=\"737\">25.9<\/strong><\/p><h3 data-section-id=\"jio9us\" data-start=\"739\" data-end=\"768\">Gnocchi alla sorrentina<\/h3><p data-start=\"769\" data-end=\"870\"><strong data-start=\"769\" data-end=\"857\">Pasta di patate con salsa di pomodoro e mozzarella sciolta, guarnita con basilico<\/strong> ... <strong data-start=\"862\" data-end=\"870\">20.9<\/strong><\/p><h2 data-section-id=\"1hywqys\" data-start=\"873\" data-end=\"885\"><span role=\"text\"><strong data-start=\"876\" data-end=\"885\">Dolce<\/strong><\/span><\/h2><h3 data-section-id=\"onusaw\" data-start=\"887\" data-end=\"916\">Torta Caprese al Limone<\/h3><p data-start=\"917\" data-end=\"1050\"><strong data-start=\"917\" data-end=\"1037\">Una soffice torta di mandorle e limone dell'isola di Capri, sulla costiera amalfitana. Servita con zucchero a velo e gelatina di limone<\/strong> ... <strong data-start=\"1042\" data-end=\"1050\">12.9<\/strong><\/p><h3 data-section-id=\"1c58kj1\" data-start=\"1052\" data-end=\"1075\">Tiramis\u00f9 classico<\/h3><p data-start=\"1076\" data-end=\"1207\"><strong data-start=\"1076\" data-end=\"1194\">Classico tiramis\u00f9 italiano con mascarpone, cacao e savoiardi. Senza alcol, ma con espresso<\/strong> ... <strong data-start=\"1199\" data-end=\"1207\">13.9<\/strong><\/p><h3 data-section-id=\"erzyn8\" data-start=\"1209\" data-end=\"1245\">Panna Cotta ai frutti di bosco<\/h3><p data-start=\"1246\" data-end=\"1360\"><strong data-start=\"1246\" data-end=\"1347\">Il nostro panna cotta vegano con purea di frutti di bosco e scorza d'arancia come topping rinfrescante<\/strong> ... <strong data-start=\"1352\" data-end=\"1360\">12.9<\/strong><\/p><h3 data-section-id=\"lf5p9u\" data-start=\"1362\" data-end=\"1385\">Affogato al caff\u00e8<\/h3><p data-start=\"1386\" data-end=\"1460\"><strong data-start=\"1386\" data-end=\"1448\">Una pallina di gelato vegano alla vaniglia, inzuppata in espresso caldo<\/strong> ... <strong data-start=\"1453\" data-end=\"1460\">5.9<\/strong><\/p><h3 data-section-id=\"178jcst\" data-start=\"1462\" data-end=\"1515\">Offerta speciale: Espresso Martini con ogni dolce<\/h3><p data-start=\"1516\" data-end=\"1581\" data-is-last-node=\"\" data-is-only-node=\"\"><strong data-start=\"1516\" data-end=\"1569\">Espresso Martini in abbinamento a un dessert<\/strong> ... <strong data-start=\"1574\" data-end=\"1581\" data-is-last-node=\"\">8.9<\/strong><\/p>\t\t\t\t\t\t\t\t<\/div>\n\t\t\t\t<\/div>\n\t\t\t\t<div class=\"elementor-element elementor-element-81c7868 elementor-widget__width-initial elementor-widget elementor-widget-text-editor\" data-id=\"81c7868\" data-element_type=\"widget\" data-e-type=\"widget\" data-widget_type=\"text-editor.default\">\n\t\t\t\t<div class=\"elementor-widget-container\">\n\t\t\t\t\t\t\t\t\t<p>La Trattoria Senza \u00e8 una<a href=\"\/it\/\"><span style=\"text-decoration: underline;\"> Ristorante italiano a Berlino Mitte.<\/span><\/a> Utilizziamo ingredienti accuratamente selezionati, come farine senza glutine di alta qualit\u00e0 e alternative al latte senza lattosio, provenienti da produttori rinomati e noti per la loro qualit\u00e0 di prima classe.<\/p>\t\t\t\t\t\t\t\t<\/div>\n\t\t\t\t<\/div>\n\t\t\t\t<div class=\"elementor-element elementor-element-29782ce elementor-widget__width-initial elementor-widget elementor-widget-text-editor\" data-id=\"29782ce\" data-element_type=\"widget\" data-e-type=\"widget\" data-widget_type=\"text-editor.default\">\n\t\t\t\t<div class=\"elementor-widget-container\">\n\t\t\t\t\t\t\t\t\t<p>La trasparenza \u00e8 particolarmente importante per noi: il nostro menu offre un'etichettatura chiara e informazioni dettagliate su tutti gli ingredienti utilizzati. Cos\u00ec potrete sempre essere sicuri che i nostri piatti non solo sono privi di glutine e lattosio, ma soddisfano anche i pi\u00f9 alti standard culinari.<\/p>\t\t\t\t\t\t\t\t<\/div>\n\t\t\t\t<\/div>\n\t\t\t\t<div class=\"elementor-element elementor-element-794c96a elementor-widget__width-initial elementor-widget-mobile__width-inherit elementor-widget elementor-widget-text-editor\" data-id=\"794c96a\" data-element_type=\"widget\" data-e-type=\"widget\" data-widget_type=\"text-editor.default\">\n\t\t\t\t<div class=\"elementor-widget-container\">\n\t\t\t\t\t\t\t\t\t<p>Scoprite la diversit\u00e0 della cucina italiana: dagli antipasti alla pasta fatta in casa, dai secondi piatti tradizionali ai deliziosi dessert. Alla Trattoria Senza potrete gustare gli autentici sapori italiani, senza restrizioni e con gusto.<\/p>\t\t\t\t\t\t\t\t<\/div>\n\t\t\t\t<\/div>\n\t\t\t\t<div class=\"elementor-element elementor-element-2044807 elementor-widget__width-initial elementor-widget-mobile__width-inherit elementor-widget elementor-widget-text-editor\" data-id=\"2044807\" data-element_type=\"widget\" data-e-type=\"widget\" data-widget_type=\"text-editor.default\">\n\t\t\t\t<div class=\"elementor-widget-container\">\n\t\t\t\t\t\t\t\t\t<p>Non solo cucina italiana: il nostro ristorante funge da location per eventi e la domenica viene servito il brunch.<\/p><p><span style=\"text-decoration: underline;\"><a href=\"\/it\/evento\/\">Maggiori informazioni sulla location dell'evento Berlino.<\/a><\/span><\/p><p><span style=\"text-decoration: underline;\"><a href=\"https:\/\/trattoriasenza.de\/it\/brunch-berlino\/\">Maggiori informazioni sulla colazione brunch di domenica.<\/a><\/span><\/p>\t\t\t\t\t\t\t\t<\/div>\n\t\t\t\t<\/div>\n\t\t\t\t<section class=\"elementor-section elementor-inner-section elementor-element elementor-element-8de41e4 elementor-section-boxed elementor-section-height-default elementor-section-height-default\" data-id=\"8de41e4\" data-element_type=\"section\" data-e-type=\"section\">\n\t\t\t\t\t\t<div class=\"elementor-container elementor-column-gap-default\">\n\t\t\t\t\t<div class=\"elementor-column elementor-col-33 elementor-inner-column elementor-element elementor-element-984a319\" data-id=\"984a319\" data-element_type=\"column\" data-e-type=\"column\">\n\t\t\t<div class=\"elementor-widget-wrap elementor-element-populated\">\n\t\t\t\t\t\t<div class=\"elementor-element elementor-element-d453b38 elementor-widget elementor-widget-text-editor\" data-id=\"d453b38\" data-element_type=\"widget\" data-e-type=\"widget\" data-widget_type=\"text-editor.default\">\n\t\t\t\t<div class=\"elementor-widget-container\">\n\t\t\t\t\t\t\t\t\t<p><span style=\"color: #000000;\"><strong>\u00a9 Trattoria Senza|2025\u00a0<\/strong><\/span><\/p>\t\t\t\t\t\t\t\t<\/div>\n\t\t\t\t<\/div>\n\t\t\t\t\t<\/div>\n\t\t<\/div>\n\t\t\t\t<div class=\"elementor-column elementor-col-33 elementor-inner-column elementor-element elementor-element-4171201\" data-id=\"4171201\" data-element_type=\"column\" data-e-type=\"column\">\n\t\t\t<div class=\"elementor-widget-wrap elementor-element-populated\">\n\t\t\t\t\t\t<div class=\"elementor-element elementor-element-572e298 elementor-shape-rounded elementor-grid-0 e-grid-align-center elementor-widget elementor-widget-social-icons\" data-id=\"572e298\" data-element_type=\"widget\" data-e-type=\"widget\" data-widget_type=\"social-icons.default\">\n\t\t\t\t<div class=\"elementor-widget-container\">\n\t\t\t\t\t\t\t<div class=\"elementor-social-icons-wrapper elementor-grid\" role=\"list\">\n\t\t\t\t\t\t\t<span class=\"elementor-grid-item\" role=\"listitem\">\n\t\t\t\t\t<a class=\"elementor-icon elementor-social-icon elementor-social-icon-instagram elementor-repeater-item-1540468\" href=\"https:\/\/www.instagram.com\/trattoriasenza\/\" target=\"_blank\">\n\t\t\t\t\t\t<span class=\"elementor-screen-only\">Instagram<\/span>\n\t\t\t\t\t\t<svg aria-hidden=\"true\" class=\"e-font-icon-svg e-fab-instagram\" viewbox=\"0 0 448 512\" xmlns=\"http:\/\/www.w3.org\/2000\/svg\"><path d=\"M224.1 141c-63.6 0-114.9 51.3-114.9 114.9s51.3 114.9 114.9 114.9S339 319.5 339 255.9 287.7 141 224.1 141zm0 189.6c-41.1 0-74.7-33.5-74.7-74.7s33.5-74.7 74.7-74.7 74.7 33.5 74.7 74.7-33.6 74.7-74.7 74.7zm146.4-194.3c0 14.9-12 26.8-26.8 26.8-14.9 0-26.8-12-26.8-26.8s12-26.8 26.8-26.8 26.8 12 26.8 26.8zm76.1 27.2c-1.7-35.9-9.9-67.7-36.2-93.9-26.2-26.2-58-34.4-93.9-36.2-37-2.1-147.9-2.1-184.9 0-35.8 1.7-67.6 9.9-93.9 36.1s-34.4 58-36.2 93.9c-2.1 37-2.1 147.9 0 184.9 1.7 35.9 9.9 67.7 36.2 93.9s58 34.4 93.9 36.2c37 2.1 147.9 2.1 184.9 0 35.9-1.7 67.7-9.9 93.9-36.2 26.2-26.2 34.4-58 36.2-93.9 2.1-37 2.1-147.8 0-184.8zM398.8 388c-7.8 19.6-22.9 34.7-42.6 42.6-29.5 11.7-99.5 9-132.1 9s-102.7 2.6-132.1-9c-19.6-7.8-34.7-22.9-42.6-42.6-11.7-29.5-9-99.5-9-132.1s-2.6-102.7 9-132.1c7.8-19.6 22.9-34.7 42.6-42.6 29.5-11.7 99.5-9 132.1-9s102.7-2.6 132.1 9c19.6 7.8 34.7 22.9 42.6 42.6 11.7 29.5 9 99.5 9 132.1s2.7 102.7-9 132.1z\"><\/path><\/svg>\t\t\t\t\t<\/a>\n\t\t\t\t<\/span>\n\t\t\t\t\t\t\t<span class=\"elementor-grid-item\" role=\"listitem\">\n\t\t\t\t\t<a class=\"elementor-icon elementor-social-icon elementor-social-icon-facebook elementor-repeater-item-9e60697\" href=\"https:\/\/www.facebook.com\/people\/Trattoria-Senza\/61572795615715\/\" target=\"_blank\">\n\t\t\t\t\t\t<span class=\"elementor-screen-only\">Facebook<\/span>\n\t\t\t\t\t\t<svg aria-hidden=\"true\" class=\"e-font-icon-svg e-fab-facebook\" viewbox=\"0 0 512 512\" xmlns=\"http:\/\/www.w3.org\/2000\/svg\"><path d=\"M504 256C504 119 393 8 256 8S8 119 8 256c0 123.78 90.69 226.38 209.25 245V327.69h-63V256h63v-54.64c0-62.15 37-96.48 93.67-96.48 27.14 0 55.52 4.84 55.52 4.84v61h-31.28c-30.8 0-40.41 19.12-40.41 38.73V256h68.78l-11 71.69h-57.78V501C413.31 482.38 504 379.78 504 256z\"><\/path><\/svg>\t\t\t\t\t<\/a>\n\t\t\t\t<\/span>\n\t\t\t\t\t\t\t<span class=\"elementor-grid-item\" role=\"listitem\">\n\t\t\t\t\t<a class=\"elementor-icon elementor-social-icon elementor-social-icon-google elementor-repeater-item-d06282b\" href=\"https:\/\/maps.app.goo.gl\/Fvqw2o5YNW714gSm8\" target=\"_blank\">\n\t\t\t\t\t\t<span class=\"elementor-screen-only\">Google<\/span>\n\t\t\t\t\t\t<svg aria-hidden=\"true\" class=\"e-font-icon-svg e-fab-google\" viewbox=\"0 0 488 512\" xmlns=\"http:\/\/www.w3.org\/2000\/svg\"><path d=\"M488 261.8C488 403.3 391.1 504 248 504 110.8 504 0 393.2 0 256S110.8 8 248 8c66.8 0 123 24.5 166.3 64.9l-67.5 64.9C258.5 52.6 94.3 116.6 94.3 256c0 86.5 69.1 156.6 153.7 156.6 98.2 0 135-70.4 140.8-106.9H248v-85.3h236.1c2.3 12.7 3.9 24.9 3.9 41.4z\"><\/path><\/svg>\t\t\t\t\t<\/a>\n\t\t\t\t<\/span>\n\t\t\t\t\t<\/div>\n\t\t\t\t\t\t<\/div>\n\t\t\t\t<\/div>\n\t\t\t\t\t<\/div>\n\t\t<\/div>\n\t\t\t\t<div class=\"elementor-column elementor-col-33 elementor-inner-column elementor-element elementor-element-1d8b5a1\" data-id=\"1d8b5a1\" data-element_type=\"column\" data-e-type=\"column\">\n\t\t\t<div class=\"elementor-widget-wrap elementor-element-populated\">\n\t\t\t\t\t\t<div class=\"elementor-element elementor-element-506be43 elementor-widget elementor-widget-text-editor\" data-id=\"506be43\" data-element_type=\"widget\" data-e-type=\"widget\" data-widget_type=\"text-editor.default\">\n\t\t\t\t<div class=\"elementor-widget-container\">\n\t\t\t\t\t\t\t\t\t<p><strong><span style=\"color: #000000;\"><a style=\"color: #000000;\" href=\"\/it\/impronta\/\">\u00a0Impronta<\/a>\u00a0|\u00a0<a style=\"color: #000000;\" href=\"\/it\/protezione-dei-dati\/\">Informativa sulla privacy<\/a><\/span><\/strong><\/p>\t\t\t\t\t\t\t\t<\/div>\n\t\t\t\t<\/div>\n\t\t\t\t\t<\/div>\n\t\t<\/div>\n\t\t\t\t\t<\/div>\n\t\t<\/section>\n\t\t\t\t\t<\/div>\n\t\t<\/div>\n\t\t\t\t\t<\/div>\n\t\t<\/section>\n\t\t\t\t<\/div>","protected":false},"excerpt":{"rendered":"<p>Unsere Speisekarte. Gluten &#8211; und laktosefrei genie\u00dfen in der Trattoria Senza Berlin Aperitivo Limoncello Spritz Erfrischender Spritz aus Amalfi mit [&hellip;]<\/p>\n","protected":false},"author":1,"featured_media":0,"parent":0,"menu_order":0,"comment_status":"closed","ping_status":"closed","template":"elementor_header_footer","meta":{"site-sidebar-layout":"no-sidebar","site-content-layout":"","ast-site-content-layout":"full-width-container","site-content-style":"default","site-sidebar-style":"default","ast-global-header-display":"","ast-banner-title-visibility":"","ast-main-header-display":"","ast-hfb-above-header-display":"","ast-hfb-below-header-display":"","ast-hfb-mobile-header-display":"","site-post-title":"disabled","ast-breadcrumbs-content":"","ast-featured-img":"disabled","footer-sml-layout":"","ast-disable-related-posts":"","theme-transparent-header-meta":"","adv-header-id-meta":"","stick-header-meta":"","header-above-stick-meta":"","header-main-stick-meta":"","header-below-stick-meta":"","astra-migrate-meta-layouts":"default","ast-page-background-enabled":"default","ast-page-background-meta":{"desktop":{"background-color":"var(--ast-global-color-5)","background-image":"","background-repeat":"repeat","background-position":"center center","background-size":"auto","background-attachment":"scroll","background-type":"","background-media":"","overlay-type":"","overlay-color":"","overlay-opacity":"","overlay-gradient":""},"tablet":{"background-color":"","background-image":"","background-repeat":"repeat","background-position":"center center","background-size":"auto","background-attachment":"scroll","background-type":"","background-media":"","overlay-type":"","overlay-color":"","overlay-opacity":"","overlay-gradient":""},"mobile":{"background-color":"","background-image":"","background-repeat":"repeat","background-position":"center center","background-size":"auto","background-attachment":"scroll","background-type":"","background-media":"","overlay-type":"","overlay-color":"","overlay-opacity":"","overlay-gradient":""}},"ast-content-background-meta":{"desktop":{"background-color":"var(--ast-global-color-4)","background-image":"","background-repeat":"repeat","background-position":"center center","background-size":"auto","background-attachment":"scroll","background-type":"","background-media":"","overlay-type":"","overlay-color":"","overlay-opacity":"","overlay-gradient":""},"tablet":{"background-color":"var(--ast-global-color-4)","background-image":"","background-repeat":"repeat","background-position":"center center","background-size":"auto","background-attachment":"scroll","background-type":"","background-media":"","overlay-type":"","overlay-color":"","overlay-opacity":"","overlay-gradient":""},"mobile":{"background-color":"var(--ast-global-color-4)","background-image":"","background-repeat":"repeat","background-position":"center center","background-size":"auto","background-attachment":"scroll","background-type":"","background-media":"","overlay-type":"","overlay-color":"","overlay-opacity":"","overlay-gradient":""}},"footnotes":""},"class_list":["post-579","page","type-page","status-publish","hentry"],"yoast_head":"<!-- This site is optimized with the Yoast SEO plugin v27.3 - https:\/\/yoast.com\/product\/yoast-seo-wordpress\/ -->\n<title>Trattoria Senza Berlin \u2013 Men\u00fc \u2013 Gluten-&amp; laktosefrei<\/title>\n<meta name=\"description\" content=\"Entdeckt die Trattoria Senza in Berlin Mitte\u2013euer Zielf\u00fcr authentische italienischeK\u00fcche, ganz ohne Gluten und Laktose. Genie\u00dft unbeschwert!\" \/>\n<meta name=\"robots\" content=\"index, follow, max-snippet:-1, max-image-preview:large, max-video-preview:-1\" \/>\n<link rel=\"canonical\" href=\"https:\/\/trattoriasenza.de\/it\/menu\/\" \/>\n<meta property=\"og:locale\" content=\"it_IT\" \/>\n<meta property=\"og:type\" content=\"article\" \/>\n<meta property=\"og:title\" content=\"Trattoria Senza Berlin \u2013 Men\u00fc \u2013 Gluten-&amp; laktosefrei\" \/>\n<meta property=\"og:description\" content=\"Entdeckt die Trattoria Senza in Berlin Mitte\u2013euer Zielf\u00fcr authentische italienischeK\u00fcche, ganz ohne Gluten und Laktose. Genie\u00dft unbeschwert!\" \/>\n<meta property=\"og:url\" content=\"https:\/\/trattoriasenza.de\/it\/menu\/\" \/>\n<meta property=\"og:site_name\" content=\"Trattoria Senza \u2013 Berlins gluten &amp; laktosefreies italienisches Restaurant in Mitte\" \/>\n<meta property=\"article:modified_time\" content=\"2026-04-11T16:22:43+00:00\" \/>\n<meta name=\"twitter:card\" content=\"summary_large_image\" \/>\n<meta name=\"twitter:label1\" content=\"Tempo di lettura stimato\" \/>\n\t<meta name=\"twitter:data1\" content=\"4 minuti\" \/>\n<script type=\"application\/ld+json\" class=\"yoast-schema-graph\">{\"@context\":\"https:\\\/\\\/schema.org\",\"@graph\":[{\"@type\":\"WebPage\",\"@id\":\"https:\\\/\\\/trattoriasenza.de\\\/menu\\\/\",\"url\":\"https:\\\/\\\/trattoriasenza.de\\\/menu\\\/\",\"name\":\"Trattoria Senza Berlin \u2013 Men\u00fc \u2013 Gluten-& laktosefrei\",\"isPartOf\":{\"@id\":\"https:\\\/\\\/trattoriasenza.de\\\/#website\"},\"datePublished\":\"2025-01-31T11:52:35+00:00\",\"dateModified\":\"2026-04-11T16:22:43+00:00\",\"description\":\"Entdeckt die Trattoria Senza in Berlin Mitte\u2013euer Zielf\u00fcr authentische italienischeK\u00fcche, ganz ohne Gluten und Laktose. Genie\u00dft unbeschwert!\",\"breadcrumb\":{\"@id\":\"https:\\\/\\\/trattoriasenza.de\\\/menu\\\/#breadcrumb\"},\"inLanguage\":\"it-IT\",\"potentialAction\":[{\"@type\":\"ReadAction\",\"target\":[\"https:\\\/\\\/trattoriasenza.de\\\/menu\\\/\"]}]},{\"@type\":\"BreadcrumbList\",\"@id\":\"https:\\\/\\\/trattoriasenza.de\\\/menu\\\/#breadcrumb\",\"itemListElement\":[{\"@type\":\"ListItem\",\"position\":1,\"name\":\"Home\",\"item\":\"https:\\\/\\\/trattoriasenza.de\\\/\"},{\"@type\":\"ListItem\",\"position\":2,\"name\":\"men\u00fc\"}]},{\"@type\":\"WebSite\",\"@id\":\"https:\\\/\\\/trattoriasenza.de\\\/#website\",\"url\":\"https:\\\/\\\/trattoriasenza.de\\\/\",\"name\":\"Trattoria Senza \u2013 Berlins gluten &amp; laktosefreies italienisches Restaurant in Mitte\",\"description\":\"Italienisches Restaurant in Berlin Mitte. Laktosefreie und glutenfreie Gerichte.\",\"publisher\":{\"@id\":\"https:\\\/\\\/trattoriasenza.de\\\/#organization\"},\"potentialAction\":[{\"@type\":\"SearchAction\",\"target\":{\"@type\":\"EntryPoint\",\"urlTemplate\":\"https:\\\/\\\/trattoriasenza.de\\\/?s={search_term_string}\"},\"query-input\":{\"@type\":\"PropertyValueSpecification\",\"valueRequired\":true,\"valueName\":\"search_term_string\"}}],\"inLanguage\":\"it-IT\"},{\"@type\":\"Organization\",\"@id\":\"https:\\\/\\\/trattoriasenza.de\\\/#organization\",\"name\":\"Trattoria Senza \u2013 Berlins gluten &amp; laktosefreies italienisches Restaurant in Mitte\",\"url\":\"https:\\\/\\\/trattoriasenza.de\\\/\",\"logo\":{\"@type\":\"ImageObject\",\"inLanguage\":\"it-IT\",\"@id\":\"https:\\\/\\\/trattoriasenza.de\\\/#\\\/schema\\\/logo\\\/image\\\/\",\"url\":\"https:\\\/\\\/trattoriasenza.de\\\/wp-content\\\/uploads\\\/2025\\\/01\\\/logo.png\",\"contentUrl\":\"https:\\\/\\\/trattoriasenza.de\\\/wp-content\\\/uploads\\\/2025\\\/01\\\/logo.png\",\"width\":588,\"height\":505,\"caption\":\"Trattoria Senza \u2013 Berlins gluten &amp; laktosefreies italienisches Restaurant in Mitte\"},\"image\":{\"@id\":\"https:\\\/\\\/trattoriasenza.de\\\/#\\\/schema\\\/logo\\\/image\\\/\"}}]}<\/script>\n<!-- \/ Yoast SEO plugin. -->","yoast_head_json":{"title":"Trattoria Senza Berlino - Menu - Senza glutine e senza lattosio","description":"Scoprite la Trattoria Senza a Berlino Mitte, la nostra destinazione per l'autentica cucina italiana, completamente priva di glutine e lattosio. Godetevela senza pensieri!","robots":{"index":"index","follow":"follow","max-snippet":"max-snippet:-1","max-image-preview":"max-image-preview:large","max-video-preview":"max-video-preview:-1"},"canonical":"https:\/\/trattoriasenza.de\/it\/menu\/","og_locale":"it_IT","og_type":"article","og_title":"Trattoria Senza Berlin \u2013 Men\u00fc \u2013 Gluten-& laktosefrei","og_description":"Entdeckt die Trattoria Senza in Berlin Mitte\u2013euer Zielf\u00fcr authentische italienischeK\u00fcche, ganz ohne Gluten und Laktose. Genie\u00dft unbeschwert!","og_url":"https:\/\/trattoriasenza.de\/it\/menu\/","og_site_name":"Trattoria Senza \u2013 Berlins gluten &amp; laktosefreies italienisches Restaurant in Mitte","article_modified_time":"2026-04-11T16:22:43+00:00","twitter_card":"summary_large_image","twitter_misc":{"Tempo di lettura stimato":"4 minuti"},"schema":{"@context":"https:\/\/schema.org","@graph":[{"@type":"WebPage","@id":"https:\/\/trattoriasenza.de\/menu\/","url":"https:\/\/trattoriasenza.de\/menu\/","name":"Trattoria Senza Berlino - Menu - Senza glutine e senza lattosio","isPartOf":{"@id":"https:\/\/trattoriasenza.de\/#website"},"datePublished":"2025-01-31T11:52:35+00:00","dateModified":"2026-04-11T16:22:43+00:00","description":"Scoprite la Trattoria Senza a Berlino Mitte, la nostra destinazione per l'autentica cucina italiana, completamente priva di glutine e lattosio. Godetevela senza pensieri!","breadcrumb":{"@id":"https:\/\/trattoriasenza.de\/menu\/#breadcrumb"},"inLanguage":"it-IT","potentialAction":[{"@type":"ReadAction","target":["https:\/\/trattoriasenza.de\/menu\/"]}]},{"@type":"BreadcrumbList","@id":"https:\/\/trattoriasenza.de\/menu\/#breadcrumb","itemListElement":[{"@type":"ListItem","position":1,"name":"Home","item":"https:\/\/trattoriasenza.de\/"},{"@type":"ListItem","position":2,"name":"men\u00fc"}]},{"@type":"WebSite","@id":"https:\/\/trattoriasenza.de\/#website","url":"https:\/\/trattoriasenza.de\/","name":"Trattoria Senza - Il ristorante italiano senza glutine e senza lattosio di Berlino a Mitte","description":"Ristorante italiano a Berlino Mitte. Piatti senza lattosio e senza glutine.","publisher":{"@id":"https:\/\/trattoriasenza.de\/#organization"},"potentialAction":[{"@type":"SearchAction","target":{"@type":"EntryPoint","urlTemplate":"https:\/\/trattoriasenza.de\/?s={search_term_string}"},"query-input":{"@type":"PropertyValueSpecification","valueRequired":true,"valueName":"search_term_string"}}],"inLanguage":"it-IT"},{"@type":"Organization","@id":"https:\/\/trattoriasenza.de\/#organization","name":"Trattoria Senza - Il ristorante italiano senza glutine e senza lattosio di Berlino a Mitte","url":"https:\/\/trattoriasenza.de\/","logo":{"@type":"ImageObject","inLanguage":"it-IT","@id":"https:\/\/trattoriasenza.de\/#\/schema\/logo\/image\/","url":"https:\/\/trattoriasenza.de\/wp-content\/uploads\/2025\/01\/logo.png","contentUrl":"https:\/\/trattoriasenza.de\/wp-content\/uploads\/2025\/01\/logo.png","width":588,"height":505,"caption":"Trattoria Senza \u2013 Berlins gluten &amp; laktosefreies italienisches Restaurant in Mitte"},"image":{"@id":"https:\/\/trattoriasenza.de\/#\/schema\/logo\/image\/"}}]}},"_links":{"self":[{"href":"https:\/\/trattoriasenza.de\/it\/wp-json\/wp\/v2\/pages\/579","targetHints":{"allow":["GET"]}}],"collection":[{"href":"https:\/\/trattoriasenza.de\/it\/wp-json\/wp\/v2\/pages"}],"about":[{"href":"https:\/\/trattoriasenza.de\/it\/wp-json\/wp\/v2\/types\/page"}],"author":[{"embeddable":true,"href":"https:\/\/trattoriasenza.de\/it\/wp-json\/wp\/v2\/users\/1"}],"replies":[{"embeddable":true,"href":"https:\/\/trattoriasenza.de\/it\/wp-json\/wp\/v2\/comments?post=579"}],"version-history":[{"count":301,"href":"https:\/\/trattoriasenza.de\/it\/wp-json\/wp\/v2\/pages\/579\/revisions"}],"predecessor-version":[{"id":4339,"href":"https:\/\/trattoriasenza.de\/it\/wp-json\/wp\/v2\/pages\/579\/revisions\/4339"}],"wp:attachment":[{"href":"https:\/\/trattoriasenza.de\/it\/wp-json\/wp\/v2\/media?parent=579"}],"curies":[{"name":"wp","href":"https:\/\/api.w.org\/{rel}","templated":true}]}}